{"id":27,"date":"2018-08-08T11:28:20","date_gmt":"2018-08-08T15:28:20","guid":{"rendered":"https:\/\/themify.me\/demo\/themes\/ultra-education\/?page_id=24"},"modified":"2022-11-17T22:22:00","modified_gmt":"2022-11-18T02:22:00","slug":"nosotros","status":"publish","type":"page","link":"https:\/\/www.acbie.cl\/?page_id=27","title":{"rendered":"Nosotros"},"content":{"rendered":"<!-- wp:themify-builder\/canvas \/-->\n\n<!--themify_builder_static--><h1>Sobre nosotros<\/h1>\n<h2>Carla Ramirez<\/h2>\n<h2>CEO\/Founder<\/h2>\n<p>Somos un centro de investigaci\u00f3n que asesora y acompa\u00f1a a docentes y equipos directivos de establecimientos educacionales en el mejoramiento de la gesti\u00f3n curricular y el liderazgo educativo.<\/p>\n<p>Nuestra Misi\u00f3n es desarrollar investigaci\u00f3n-acci\u00f3n y ponerla al servicio de los procesos de mejora de los establecimientos educativos, generando procedimientos que aseguren el tratamiento del curr\u00edculum, bajo el principio de que la manera en la que los ni\u00f1os aprendan surge desde una adecuada organizaci\u00f3n, dise\u00f1o, construcci\u00f3n y monitoreo de las estrategias de ense\u00f1anza puestas al servicio de un curr\u00edculum gestionado de forma sistematizada.<\/p>\n<a href=\"https:\/\/www.facebook.com\/acbie.ltda\" rel=\"noopener\" target=\"_blank\"> <em style=\"background-color: #bdd9fd;color: #2a3e59\"><svg aria-hidden=\"true\"><use href=\"#tf-ti-facebook\"><\/use><\/svg><\/em> <\/a> <a href=\"https:\/\/cl.linkedin.com\/in\/carla-ramirez-ossandon-62083a134\" rel=\"noopener\" target=\"_blank\"> <em style=\"background-color: #bdd9fd;color: #2a3e59\"><svg aria-hidden=\"true\"><use href=\"#tf-ti-linkedin\"><\/use><\/svg><\/em> <\/a> <a href=\"https:\/\/www.instagram.com\/acbie.cl\/\" rel=\"noopener\" target=\"_blank\"> <em style=\"background-color: #bdd9fd;color: #2a3e59\"><svg aria-hidden=\"true\"><use href=\"#tf-ti-instagram\"><\/use><\/svg><\/em> <\/a>\n<h2>Qui\u00e9nes Somos<\/h2>\n<img decoding=\"async\" loading=\"lazy\" width=\"960\" height=\"720\" src=\"https:\/\/www.acbie.cl\/wp-content\/uploads\/2022\/10\/028_OVALLE_CAPACITACION-MMO.jpg\" srcset=\"https:\/\/www.acbie.cl\/wp-content\/uploads\/2022\/10\/028_OVALLE_CAPACITACION-MMO.jpg 960w, https:\/\/www.acbie.cl\/wp-content\/uploads\/2022\/10\/028_OVALLE_CAPACITACION-MMO-300x225.jpg 300w, https:\/\/www.acbie.cl\/wp-content\/uploads\/2022\/10\/028_OVALLE_CAPACITACION-MMO-768x576.jpg 768w\" sizes=\"auto, (max-width: 960px) 100vw, 960px\" \/>\n\n<p>A partir del a\u00f1o 2011, el centro de investigaci\u00f3n inicia un proceso de observaci\u00f3n hacia los factores que inciden en la mejora de los aprendizajes de los estudiantes.<\/p> <p>Se implementaron estudios diagn\u00f3sticos para determinar cu\u00e1les son los factores asociados a las capacidades pedag\u00f3gicas de los docentes para gestionar la ense\u00f1anza y aprendizaje.<\/p> <p>Luego de una cantidad importante de diagn\u00f3sticos, se pudo concluir que m\u00e1s del 90% de los establecimientos que optan por capacitaciones cortas, de no m\u00e1s de 3. \u00f3 4 jornadas, no logran instalar las competencias necesarias para mejorar la gesti\u00f3n curricular.<\/p>\n<h2>Qu\u00e9 hacemos<\/h2> <p>Llevamos la Investigaci\u00f3n Acci\u00f3n a las Escuelas<\/p>\n<p>Nuestras Asesor\u00edas y Capacitaciones est\u00e1n basadas en la metodolog\u00eda de Investigaci\u00f3n Acci\u00f3n, transformando a las escuelas en comunidades profesionales de aprendizaje, por medio de la implementaci\u00f3n de un sistema de Talleres grupales,<br>Tutor\u00edas personalizadas a los Docentes y Asesor\u00edas t\u00e9cnico pedag\u00f3gicas a los Equipos Directivos.<\/p> <p>Nuestra Misi\u00f3n es lograr situar la investigaci\u00f3n- acci\u00f3n al servicio de los procesos de mejora de los Establecimientos Educativos, generando as\u00ed procedimientos que aseguren el tratamiento de la cobertura curricular, reconociendo que la manera en que los ni\u00f1os y ni\u00f1as aprenden inicia con una adecuada organizaci\u00f3n, dise\u00f1o y monitoreo de las estrategias de ense\u00f1anza puestas al servicio de un curr\u00edculum gestionado de forma sistematizada.<\/p>\n<img decoding=\"async\" loading=\"lazy\" src=\"https:\/\/www.acbie.cl\/wp-content\/uploads\/2022\/10\/024_OVALLE_CAPACITACION-BOR-561x422.jpg\" width=\"561\" height=\"422\" srcset=\"https:\/\/www.acbie.cl\/wp-content\/uploads\/2022\/10\/024_OVALLE_CAPACITACION-BOR-561x422.jpg 561w, https:\/\/www.acbie.cl\/wp-content\/uploads\/2022\/10\/024_OVALLE_CAPACITACION-BOR-300x225.jpg 300w, https:\/\/www.acbie.cl\/wp-content\/uploads\/2022\/10\/024_OVALLE_CAPACITACION-BOR-100x74.jpg 100w\" sizes=\"auto, (max-width: 561px) 100vw, 561px\" \/>\n<h2>Capacitaci\u00f3n y Acompa\u00f1amiento<\/h2>\n<p style=\"text-align: center;\">La <strong>I.A. (Investigaci\u00f3n-Acci\u00f3n)<\/strong> es un proceso de investigaci\u00f3n intencionada, colaborativa y sistem\u00e1tica que busca resolver problemas cotidianos y mejorar las pr\u00e1cticas, a trav\u00e9s de un proceso en el cual se investiga y, al mismo tiempo, se interviene.<\/p> <p style=\"text-align: center;\">En <strong>ACBIE<\/strong> implementamos la metodolog\u00eda de I.A. en todos nuestros servicios de asesor\u00eda y capacitaci\u00f3n, lo cual nos diferencia de otras asesor\u00edas en el mercado. Hacemos que los involucrados en el problema se conviertan en investigadores, favoreciendo que los docentes participen de un proceso de indagaci\u00f3n de forma conjunta, buscando resolver los desaf\u00edos del quehacer pedag\u00f3gico y proponiendo acciones concretas que mejoren el aprendizaje de los estudiantes, desarrollando, al mismo tiempo, estrategias de trabajo colaborativo de forma institucionalizada.<\/p> <p>Por medio de la implementaci\u00f3n de la I.A., el Centro de Investigaci\u00f3n <strong>ACBIE<\/strong> incorpora elementos propios de la actividad cient\u00edfica en los establecimientos educativos, enriqueciendo no s\u00f3lo las habilidades profesionales y el debate de los docentes respecto a su quehacer pedag\u00f3gico, sino que tambi\u00e9n, se promueve la sistematizaci\u00f3n de las buenas pr\u00e1cticas al interior de las<br>comunidades de aprendizaje.<\/p>\n<img decoding=\"async\" loading=\"lazy\" src=\"https:\/\/www.acbie.cl\/wp-content\/uploads\/2022\/10\/010_CURICO_CAPACITACION-EL-BOLDO-560x417.jpg\" width=\"560\" height=\"417\" srcset=\"https:\/\/www.acbie.cl\/wp-content\/uploads\/2022\/10\/010_CURICO_CAPACITACION-EL-BOLDO-560x417.jpg 560w, https:\/\/www.acbie.cl\/wp-content\/uploads\/2022\/10\/010_CURICO_CAPACITACION-EL-BOLDO-100x75.jpg 100w\" sizes=\"auto, (max-width: 560px) 100vw, 560px\" \/>\n<h3>\u00a0<\/h3> <ul> <li>Diagn\u00f3stico de Capacidades Docentes<\/li> <li>Dise\u00f1o contextualizado de Asesor\u00eda\/Capacitaci\u00f3n.<\/li> <li>Acompa\u00f1amiento T\u00e9cnico Personalizado<\/li> <li>Herramientas de Perfeccionamiento en la practica Docente<\/li> <li>Evaluaci\u00f3n y An\u00e1lisis de resultados de Asesor\u00edas y Capacitaciones<\/li> <li>Certificaci\u00f3n Docente y cierre de servicio<\/li> <\/ul>\n<a href=\"https:\/\/www.acbie.cl\/?page_id=30\" > Agende Ahora <\/a>\n<img decoding=\"async\" loading=\"lazy\" src=\"https:\/\/www.acbie.cl\/wp-content\/uploads\/2022\/06\/united-againts-racism-500x333.jpg\" width=\"500\" height=\"333\" srcset=\"https:\/\/www.acbie.cl\/wp-content\/uploads\/2022\/06\/united-againts-racism-500x333.jpg 500w, https:\/\/www.acbie.cl\/wp-content\/uploads\/2022\/06\/united-againts-racism-300x200.jpg 300w, https:\/\/www.acbie.cl\/wp-content\/uploads\/2022\/06\/united-againts-racism-1024x683.jpg 1024w, https:\/\/www.acbie.cl\/wp-content\/uploads\/2022\/06\/united-againts-racism-768x513.jpg 768w, https:\/\/www.acbie.cl\/wp-content\/uploads\/2022\/06\/united-againts-racism.jpg 1440w\" sizes=\"auto, (max-width: 500px) 100vw, 500px\" \/>\n<h2>Nuestro Equipo<\/h2>\n<img decoding=\"async\" loading=\"lazy\" src=\"https:\/\/www.acbie.cl\/wp-content\/uploads\/2022\/10\/Carla-150x150.png\" width=\"150\" height=\"150\" title=\"Carla Ramirez\" alt=\"Mg, en Gesti\u00f3n y Liderazgo Educativo,\n Profesora General B\u00e1sica Menci\u00f3n Matem\u00e1ticas.\"> <h2> Carla Ramirez <\/h2> Mg, en Gesti\u00f3n y Liderazgo Educativo,\n Profesora General B\u00e1sica Menci\u00f3n Matem\u00e1ticas.\n<a href=\"#\" rel=\"noopener\" target=\"_blank\"> <em><svg aria-hidden=\"true\"><use href=\"#tf-ti-facebook\"><\/use><\/svg><\/em> <\/a> <a href=\"#\" rel=\"noopener\" target=\"_blank\"> <em><svg aria-hidden=\"true\"><use href=\"#tf-ti-linkedin\"><\/use><\/svg><\/em> <\/a>\n<img decoding=\"async\" loading=\"lazy\" src=\"https:\/\/www.acbie.cl\/wp-content\/uploads\/2022\/11\/Gerald2-150x150.png\" width=\"150\" height=\"150\" title=\"Gerald Cantarero\" alt=\"Coordinador de Proyectos, Antrop\u00f3logo Educacional.\" srcset=\"https:\/\/www.acbie.cl\/wp-content\/uploads\/2022\/11\/Gerald2-150x150.png 150w, https:\/\/www.acbie.cl\/wp-content\/uploads\/2022\/11\/Gerald2-290x290.png 290w\" sizes=\"auto, (max-width: 150px) 100vw, 150px\" \/> <h3> Gerald Cantarero <\/h3> Coordinador de Proyectos, Antrop\u00f3logo Educacional.\n<a href=\"#\" rel=\"noopener\" target=\"_blank\"> <em><svg aria-hidden=\"true\"><use href=\"#tf-ti-facebook\"><\/use><\/svg><\/em> <\/a> <a href=\"#\" rel=\"noopener\" target=\"_blank\"> <em><svg aria-hidden=\"true\"><use href=\"#tf-ti-linkedin\"><\/use><\/svg><\/em> <\/a>\n<img decoding=\"async\" loading=\"lazy\" src=\"https:\/\/www.acbie.cl\/wp-content\/uploads\/2022\/11\/Imagen-de-WhatsApp-2022-11-10-a-las-15.09.50-150x150.jpg\" width=\"150\" height=\"150\" title=\"Ricardo Ag\u00fcero\" alt=\"MBA, Mg. En Gesti\u00f3n de Empresas e Ing. Civil Industrial,\nIng. Inform\u00e1tico, Gerente y Fundador de ACOTANGO\"> <h3> Ricardo Ag\u00fcero <\/h3> MBA, Mg. En Gesti\u00f3n de Empresas e Ing. Civil Industrial,\nIng. Inform\u00e1tico, Gerente y Fundador de ACOTANGO\n<a href=\"#\" rel=\"noopener\" target=\"_blank\"> <em><svg aria-hidden=\"true\"><use href=\"#tf-ti-facebook\"><\/use><\/svg><\/em> <\/a> <a href=\"#\" rel=\"noopener\" target=\"_blank\"> <em><svg aria-hidden=\"true\"><use href=\"#tf-ti-linkedin\"><\/use><\/svg><\/em> <\/a>\n<img decoding=\"async\" loading=\"lazy\" src=\"https:\/\/www.acbie.cl\/wp-content\/uploads\/2022\/11\/tola-1-150x150.png\" width=\"150\" height=\"150\" title=\"Cristobal Novoa\" alt=\"Mentor, Consultor, Mindfulness, Hipnosis, Coaching en PNL, Director y Fundador de &quot;Tu Cuerpo Siente&quot;\"> <h3> Cristobal Novoa <\/h3> Mentor, Consultor, Mindfulness, Hipnosis, Coaching en PNL, Director y Fundador de &#8220;Tu Cuerpo Siente&#8221;\n<a href=\"#\" rel=\"noopener\" target=\"_blank\"> <em><svg aria-hidden=\"true\"><use href=\"#tf-ti-facebook\"><\/use><\/svg><\/em> <\/a> <a href=\"#\" rel=\"noopener\" target=\"_blank\"> <em><svg aria-hidden=\"true\"><use href=\"#tf-ti-linkedin\"><\/use><\/svg><\/em> <\/a>\n<img decoding=\"async\" loading=\"lazy\" src=\"https:\/\/www.acbie.cl\/wp-content\/uploads\/2022\/11\/alliende.jpg_large-150x150.jpeg\" width=\"150\" height=\"150\" title=\"Cristian Alliende\" alt=\"Esp. en Desarrollo Personal, Plasticidad cerebral, Mindfulness, Abogado.\"> <h3> Cristian Alliende <\/h3> Esp. en Desarrollo Personal, Plasticidad cerebral, Mindfulness, Abogado.\n<a href=\"#\" rel=\"noopener\" target=\"_blank\"> <em><svg aria-hidden=\"true\"><use href=\"#tf-ti-facebook\"><\/use><\/svg><\/em> <\/a> <a href=\"#\" rel=\"noopener\" target=\"_blank\"> <em><svg aria-hidden=\"true\"><use href=\"#tf-ti-linkedin\"><\/use><\/svg><\/em> <\/a>\n<img decoding=\"async\" loading=\"lazy\" src=\"https:\/\/www.acbie.cl\/wp-content\/uploads\/2022\/11\/tama2-150x150.png\" width=\"150\" height=\"150\" title=\"Tamara Torres\" alt=\"Dra. Planificaci\u00f3n de Proyectos, Diplomada en Gesti\u00f3n P\u00fablica, Gesti\u00f3n Curricular y Desarrollo Docente.\" srcset=\"https:\/\/www.acbie.cl\/wp-content\/uploads\/2022\/11\/tama2-150x150.png 150w, https:\/\/www.acbie.cl\/wp-content\/uploads\/2022\/11\/tama2-290x290.png 290w\" sizes=\"auto, (max-width: 150px) 100vw, 150px\" \/> <h3> Tamara Torres <\/h3> Dra. Planificaci\u00f3n de Proyectos, Diplomada en Gesti\u00f3n P\u00fablica, Gesti\u00f3n Curricular y Desarrollo Docente.\n<a href=\"#\" rel=\"noopener\" target=\"_blank\"> <em><svg aria-hidden=\"true\"><use href=\"#tf-ti-facebook\"><\/use><\/svg><\/em> <\/a> <a href=\"#\" rel=\"noopener\" target=\"_blank\"> <em><svg aria-hidden=\"true\"><use href=\"#tf-ti-linkedin\"><\/use><\/svg><\/em> <\/a>\n<h1>Metodolog\u00eda<\/h1> <h2>Investigaci\u00f3n &#8211; Acci\u00f3n<\/h2>\n<a href=\"https:\/\/www.acbie.cl\/?page_id=30\" > Agende <\/a><!--\/themify_builder_static-->","protected":false},"excerpt":{"rendered":"<p>Sobre nosotros Carla Ramirez CEO\/Founder Somos un centro de investigaci\u00f3n que asesora y acompa\u00f1a a docentes y equipos directivos de establecimientos educacionales en el mejoramiento de la gesti\u00f3n curricular y el liderazgo educativo. Nuestra Misi\u00f3n es desarrollar investigaci\u00f3n-acci\u00f3n y ponerla al servicio de los procesos de mejora de los establecimientos educativos, generando procedimientos que aseguren [&hellip;]<\/p>\n","protected":false},"author":1,"featured_media":0,"parent":0,"menu_order":0,"comment_status":"closed","ping_status":"closed","template":"","meta":{"footnotes":""},"class_list":["post-27","page","type-page","status-publish","hentry","has-post-title","has-post-date","has-post-category","has-post-tag","has-post-comment","has-post-author",""],"builder_content":"<h1>Sobre nosotros<\/h1>\n<h2>Carla Ramirez<\/h2>\n<h2>CEO\/Founder<\/h2>\n<p>Somos un centro de investigaci\u00f3n que asesora y acompa\u00f1a a docentes y equipos directivos de establecimientos educacionales en el mejoramiento de la gesti\u00f3n curricular y el liderazgo educativo.<\/p>\n<p>Nuestra Misi\u00f3n es desarrollar investigaci\u00f3n-acci\u00f3n y ponerla al servicio de los procesos de mejora de los establecimientos educativos, generando procedimientos que aseguren el tratamiento del curr\u00edculum, bajo el principio de que la manera en la que los ni\u00f1os aprendan surge desde una adecuada organizaci\u00f3n, dise\u00f1o, construcci\u00f3n y monitoreo de las estrategias de ense\u00f1anza puestas al servicio de un curr\u00edculum gestionado de forma sistematizada.<\/p>\n<a href=\"https:\/\/www.facebook.com\/acbie.ltda\" rel=\"noopener\" target=\"_blank\"> <em style=\"background-color:#bdd9fd;color:#2a3e59\"><svg aria-hidden=\"true\"><use href=\"#tf-ti-facebook\"><\/use><\/svg><\/em> <\/a> <a href=\"https:\/\/cl.linkedin.com\/in\/carla-ramirez-ossandon-62083a134\" rel=\"noopener\" target=\"_blank\"> <em style=\"background-color:#bdd9fd;color:#2a3e59\"><svg aria-hidden=\"true\"><use href=\"#tf-ti-linkedin\"><\/use><\/svg><\/em> <\/a> <a href=\"https:\/\/www.instagram.com\/acbie.cl\/\" rel=\"noopener\" target=\"_blank\"> <em style=\"background-color:#bdd9fd;color:#2a3e59\"><svg aria-hidden=\"true\"><use href=\"#tf-ti-instagram\"><\/use><\/svg><\/em> <\/a>\n<h2>Qui\u00e9nes Somos<\/h2>\n<img src=\"https:\/\/www.acbie.cl\/wp-content\/uploads\/2022\/10\/028_OVALLE_CAPACITACION-MMO.jpg\" title=\"Nosotros\" alt=\"Nosotros\" srcset=\"https:\/\/www.acbie.cl\/wp-content\/uploads\/2022\/10\/028_OVALLE_CAPACITACION-MMO.jpg 960w, https:\/\/www.acbie.cl\/wp-content\/uploads\/2022\/10\/028_OVALLE_CAPACITACION-MMO-300x225.jpg 300w, https:\/\/www.acbie.cl\/wp-content\/uploads\/2022\/10\/028_OVALLE_CAPACITACION-MMO-768x576.jpg 768w\" sizes=\"(max-width: 960px) 100vw, 960px\" \/>\n\n<p>A partir del a\u00f1o 2011, el centro de investigaci\u00f3n inicia un proceso de observaci\u00f3n hacia los factores que inciden en la mejora de los aprendizajes de los estudiantes.<\/p> <p>Se implementaron estudios diagn\u00f3sticos para determinar cu\u00e1les son los factores asociados a las capacidades pedag\u00f3gicas de los docentes para gestionar la ense\u00f1anza y aprendizaje.<\/p> <p>Luego de una cantidad importante de diagn\u00f3sticos, se pudo concluir que m\u00e1s del 90% de los establecimientos que optan por capacitaciones cortas, de no m\u00e1s de 3. \u00f3 4 jornadas, no logran instalar las competencias necesarias para mejorar la gesti\u00f3n curricular.<\/p>\n<h2>Qu\u00e9 hacemos<\/h2> <p>Llevamos la Investigaci\u00f3n Acci\u00f3n a las Escuelas<\/p>\n<p>Nuestras Asesor\u00edas y Capacitaciones est\u00e1n basadas en la metodolog\u00eda de Investigaci\u00f3n Acci\u00f3n, transformando a las escuelas en comunidades profesionales de aprendizaje, por medio de la implementaci\u00f3n de un sistema de Talleres grupales,<br>Tutor\u00edas personalizadas a los Docentes y Asesor\u00edas t\u00e9cnico pedag\u00f3gicas a los Equipos Directivos.<\/p> <p>Nuestra Misi\u00f3n es lograr situar la investigaci\u00f3n- acci\u00f3n al servicio de los procesos de mejora de los Establecimientos Educativos, generando as\u00ed procedimientos que aseguren el tratamiento de la cobertura curricular, reconociendo que la manera en que los ni\u00f1os y ni\u00f1as aprenden inicia con una adecuada organizaci\u00f3n, dise\u00f1o y monitoreo de las estrategias de ense\u00f1anza puestas al servicio de un curr\u00edculum gestionado de forma sistematizada.<\/p>\n<img src=\"https:\/\/www.acbie.cl\/wp-content\/uploads\/2022\/10\/024_OVALLE_CAPACITACION-BOR-561x422.jpg\" width=\"561\" height=\"422\" title=\"Nosotros\" alt=\"Nosotros\" srcset=\"https:\/\/www.acbie.cl\/wp-content\/uploads\/2022\/10\/024_OVALLE_CAPACITACION-BOR-561x422.jpg 561w, https:\/\/www.acbie.cl\/wp-content\/uploads\/2022\/10\/024_OVALLE_CAPACITACION-BOR-300x225.jpg 300w, https:\/\/www.acbie.cl\/wp-content\/uploads\/2022\/10\/024_OVALLE_CAPACITACION-BOR-100x74.jpg 100w\" sizes=\"(max-width: 561px) 100vw, 561px\" \/>\n<h2>Capacitaci\u00f3n y Acompa\u00f1amiento<\/h2>\n<p style=\"text-align: center;\">La <strong>I.A. (Investigaci\u00f3n-Acci\u00f3n)<\/strong> es un proceso de investigaci\u00f3n intencionada, colaborativa y sistem\u00e1tica que busca resolver problemas cotidianos y mejorar las pr\u00e1cticas, a trav\u00e9s de un proceso en el cual se investiga y, al mismo tiempo, se interviene.<\/p> <p style=\"text-align: center;\">En <strong>ACBIE<\/strong> implementamos la metodolog\u00eda de I.A. en todos nuestros servicios de asesor\u00eda y capacitaci\u00f3n, lo cual nos diferencia de otras asesor\u00edas en el mercado. Hacemos que los involucrados en el problema se conviertan en investigadores, favoreciendo que los docentes participen de un proceso de indagaci\u00f3n de forma conjunta, buscando resolver los desaf\u00edos del quehacer pedag\u00f3gico y proponiendo acciones concretas que mejoren el aprendizaje de los estudiantes, desarrollando, al mismo tiempo, estrategias de trabajo colaborativo de forma institucionalizada.<\/p> <p>Por medio de la implementaci\u00f3n de la I.A., el Centro de Investigaci\u00f3n <strong>ACBIE<\/strong> incorpora elementos propios de la actividad cient\u00edfica en los establecimientos educativos, enriqueciendo no s\u00f3lo las habilidades profesionales y el debate de los docentes respecto a su quehacer pedag\u00f3gico, sino que tambi\u00e9n, se promueve la sistematizaci\u00f3n de las buenas pr\u00e1cticas al interior de las<br>comunidades de aprendizaje.<\/p>\n<img src=\"https:\/\/www.acbie.cl\/wp-content\/uploads\/2022\/10\/010_CURICO_CAPACITACION-EL-BOLDO-560x417.jpg\" width=\"560\" height=\"417\" title=\"Nosotros\" alt=\"Nosotros\" srcset=\"https:\/\/www.acbie.cl\/wp-content\/uploads\/2022\/10\/010_CURICO_CAPACITACION-EL-BOLDO-560x417.jpg 560w, https:\/\/www.acbie.cl\/wp-content\/uploads\/2022\/10\/010_CURICO_CAPACITACION-EL-BOLDO-100x75.jpg 100w\" sizes=\"(max-width: 560px) 100vw, 560px\" \/>\n<h3>\u00a0<\/h3> <ul> <li>Diagn\u00f3stico de Capacidades Docentes<\/li> <li>Dise\u00f1o contextualizado de Asesor\u00eda\/Capacitaci\u00f3n.<\/li> <li>Acompa\u00f1amiento T\u00e9cnico Personalizado<\/li> <li>Herramientas de Perfeccionamiento en la practica Docente<\/li> <li>Evaluaci\u00f3n y An\u00e1lisis de resultados de Asesor\u00edas y Capacitaciones<\/li> <li>Certificaci\u00f3n Docente y cierre de servicio<\/li> <\/ul>\n<a href=\"https:\/\/www.acbie.cl\/?page_id=30\" > Agende Ahora <\/a>\n<img src=\"https:\/\/www.acbie.cl\/wp-content\/uploads\/2022\/06\/united-againts-racism-500x333.jpg\" width=\"500\" height=\"333\" title=\"Nosotros\" alt=\"Nosotros\" srcset=\"https:\/\/www.acbie.cl\/wp-content\/uploads\/2022\/06\/united-againts-racism-500x333.jpg 500w, https:\/\/www.acbie.cl\/wp-content\/uploads\/2022\/06\/united-againts-racism-300x200.jpg 300w, https:\/\/www.acbie.cl\/wp-content\/uploads\/2022\/06\/united-againts-racism-1024x683.jpg 1024w, https:\/\/www.acbie.cl\/wp-content\/uploads\/2022\/06\/united-againts-racism-768x513.jpg 768w, https:\/\/www.acbie.cl\/wp-content\/uploads\/2022\/06\/united-againts-racism.jpg 1440w\" sizes=\"(max-width: 500px) 100vw, 500px\" \/>\n<h2>Nuestro Equipo<\/h2>\n<img src=\"https:\/\/www.acbie.cl\/wp-content\/uploads\/2022\/10\/Carla-150x150.png\" width=\"150\" height=\"150\" title=\"Carla Ramirez\" alt=\"Mg, en Gesti\u00f3n y Liderazgo Educativo,\n Profesora General B\u00e1sica Menci\u00f3n Matem\u00e1ticas.\"> <h2> Carla Ramirez <\/h2> Mg, en Gesti\u00f3n y Liderazgo Educativo,\n Profesora General B\u00e1sica Menci\u00f3n Matem\u00e1ticas.\n<a href=\"#\" rel=\"noopener\" target=\"_blank\"> <em><svg aria-hidden=\"true\"><use href=\"#tf-ti-facebook\"><\/use><\/svg><\/em> <\/a> <a href=\"#\" rel=\"noopener\" target=\"_blank\"> <em><svg aria-hidden=\"true\"><use href=\"#tf-ti-linkedin\"><\/use><\/svg><\/em> <\/a>\n<img src=\"https:\/\/www.acbie.cl\/wp-content\/uploads\/2022\/11\/Gerald2-150x150.png\" width=\"150\" height=\"150\" title=\"Gerald Cantarero\" alt=\"Coordinador de Proyectos, Antrop\u00f3logo Educacional.\" srcset=\"https:\/\/www.acbie.cl\/wp-content\/uploads\/2022\/11\/Gerald2-150x150.png 150w, https:\/\/www.acbie.cl\/wp-content\/uploads\/2022\/11\/Gerald2-290x290.png 290w\" sizes=\"(max-width: 150px) 100vw, 150px\" \/> <h3> Gerald Cantarero <\/h3> Coordinador de Proyectos, Antrop\u00f3logo Educacional.\n<a href=\"#\" rel=\"noopener\" target=\"_blank\"> <em><svg aria-hidden=\"true\"><use href=\"#tf-ti-facebook\"><\/use><\/svg><\/em> <\/a> <a href=\"#\" rel=\"noopener\" target=\"_blank\"> <em><svg aria-hidden=\"true\"><use href=\"#tf-ti-linkedin\"><\/use><\/svg><\/em> <\/a>\n<img src=\"https:\/\/www.acbie.cl\/wp-content\/uploads\/2022\/11\/Imagen-de-WhatsApp-2022-11-10-a-las-15.09.50-150x150.jpg\" width=\"150\" height=\"150\" title=\"Ricardo Ag\u00fcero\" alt=\"MBA, Mg. En Gesti\u00f3n de Empresas e Ing. Civil Industrial,\nIng. Inform\u00e1tico, Gerente y Fundador de ACOTANGO\"> <h3> Ricardo Ag\u00fcero <\/h3> MBA, Mg. En Gesti\u00f3n de Empresas e Ing. Civil Industrial,\nIng. Inform\u00e1tico, Gerente y Fundador de ACOTANGO\n<a href=\"#\" rel=\"noopener\" target=\"_blank\"> <em><svg aria-hidden=\"true\"><use href=\"#tf-ti-facebook\"><\/use><\/svg><\/em> <\/a> <a href=\"#\" rel=\"noopener\" target=\"_blank\"> <em><svg aria-hidden=\"true\"><use href=\"#tf-ti-linkedin\"><\/use><\/svg><\/em> <\/a>\n<img src=\"https:\/\/www.acbie.cl\/wp-content\/uploads\/2022\/11\/tola-1-150x150.png\" width=\"150\" height=\"150\" title=\"Cristobal Novoa\" alt=\"Mentor, Consultor, Mindfulness, Hipnosis, Coaching en PNL, Director y Fundador de &quot;Tu Cuerpo Siente&quot;\"> <h3> Cristobal Novoa <\/h3> Mentor, Consultor, Mindfulness, Hipnosis, Coaching en PNL, Director y Fundador de \"Tu Cuerpo Siente\"\n<a href=\"#\" rel=\"noopener\" target=\"_blank\"> <em><svg aria-hidden=\"true\"><use href=\"#tf-ti-facebook\"><\/use><\/svg><\/em> <\/a> <a href=\"#\" rel=\"noopener\" target=\"_blank\"> <em><svg aria-hidden=\"true\"><use href=\"#tf-ti-linkedin\"><\/use><\/svg><\/em> <\/a>\n<img src=\"https:\/\/www.acbie.cl\/wp-content\/uploads\/2022\/11\/alliende.jpg_large-150x150.jpeg\" width=\"150\" height=\"150\" title=\"Cristian Alliende\" alt=\"Esp. en Desarrollo Personal, Plasticidad cerebral, Mindfulness, Abogado.\"> <h3> Cristian Alliende <\/h3> Esp. en Desarrollo Personal, Plasticidad cerebral, Mindfulness, Abogado.\n<a href=\"#\" rel=\"noopener\" target=\"_blank\"> <em><svg aria-hidden=\"true\"><use href=\"#tf-ti-facebook\"><\/use><\/svg><\/em> <\/a> <a href=\"#\" rel=\"noopener\" target=\"_blank\"> <em><svg aria-hidden=\"true\"><use href=\"#tf-ti-linkedin\"><\/use><\/svg><\/em> <\/a>\n<img src=\"https:\/\/www.acbie.cl\/wp-content\/uploads\/2022\/11\/tama2-150x150.png\" width=\"150\" height=\"150\" title=\"Tamara Torres\" alt=\"Dra. Planificaci\u00f3n de Proyectos, Diplomada en Gesti\u00f3n P\u00fablica, Gesti\u00f3n Curricular y Desarrollo Docente.\" srcset=\"https:\/\/www.acbie.cl\/wp-content\/uploads\/2022\/11\/tama2-150x150.png 150w, https:\/\/www.acbie.cl\/wp-content\/uploads\/2022\/11\/tama2-290x290.png 290w\" sizes=\"(max-width: 150px) 100vw, 150px\" \/> <h3> Tamara Torres <\/h3> Dra. Planificaci\u00f3n de Proyectos, Diplomada en Gesti\u00f3n P\u00fablica, Gesti\u00f3n Curricular y Desarrollo Docente.\n<a href=\"#\" rel=\"noopener\" target=\"_blank\"> <em><svg aria-hidden=\"true\"><use href=\"#tf-ti-facebook\"><\/use><\/svg><\/em> <\/a> <a href=\"#\" rel=\"noopener\" target=\"_blank\"> <em><svg aria-hidden=\"true\"><use href=\"#tf-ti-linkedin\"><\/use><\/svg><\/em> <\/a>\n<h1>Metodolog\u00eda<\/h1> <h2>Investigaci\u00f3n - Acci\u00f3n<\/h2>\n<a href=\"https:\/\/www.acbie.cl\/?page_id=30\" > Agende <\/a>","_links":{"self":[{"href":"https:\/\/www.acbie.cl\/index.php?rest_route=\/wp\/v2\/pages\/27","targetHints":{"allow":["GET"]}}],"collection":[{"href":"https:\/\/www.acbie.cl\/index.php?rest_route=\/wp\/v2\/pages"}],"about":[{"href":"https:\/\/www.acbie.cl\/index.php?rest_route=\/wp\/v2\/types\/page"}],"author":[{"embeddable":true,"href":"https:\/\/www.acbie.cl\/index.php?rest_route=\/wp\/v2\/users\/1"}],"replies":[{"embeddable":true,"href":"https:\/\/www.acbie.cl\/index.php?rest_route=%2Fwp%2Fv2%2Fcomments&post=27"}],"version-history":[{"count":141,"href":"https:\/\/www.acbie.cl\/index.php?rest_route=\/wp\/v2\/pages\/27\/revisions"}],"predecessor-version":[{"id":1213,"href":"https:\/\/www.acbie.cl\/index.php?rest_route=\/wp\/v2\/pages\/27\/revisions\/1213"}],"wp:attachment":[{"href":"https:\/\/www.acbie.cl\/index.php?rest_route=%2Fwp%2Fv2%2Fmedia&parent=27"}],"curies":[{"name":"wp","href":"https:\/\/api.w.org\/{rel}","templated":true}]}}